{"id":247953,"date":"2022-09-01T18:18:08","date_gmt":"2022-09-01T17:18:08","guid":{"rendered":"https:\/\/dev.jaeggi-etziken.ch\/?page_id=247953"},"modified":"2023-10-12T16:09:14","modified_gmt":"2023-10-12T15:09:14","slug":"case-traktoren","status":"publish","type":"page","link":"https:\/\/jaeggi-landtechnik.ch\/?page_id=247953","title":{"rendered":"Produkt Traktoren CASE IH"},"content":{"rendered":"<p>[et_pb_section fb_built=&#8220;1&#8243; custom_padding_last_edited=&#8220;on|phone&#8220; admin_label=&#8220;Header einfarbig&#8220; _builder_version=&#8220;4.22.1&#8243; _module_preset=&#8220;default&#8220; background_color=&#8220;gcid-f056191c-0c47-46b2-961d-7d7651417736&#8243; background_image=&#8220;https:\/\/jaeggi-landtechnik.ch\/wp-content\/uploads\/2022\/09\/case-traktor.png&#8220; background_size=&#8220;contain&#8220; background_position=&#8220;center_left&#8220; module_alignment=&#8220;center&#8220; height_tablet=&#8220;&#8220; height_phone=&#8220;&#8220; height_last_edited=&#8220;on|tablet&#8220; custom_margin=&#8220;0px|0px|23px|0px|false|true&#8220; custom_padding=&#8220;7%|0px|7%|2%|false|false&#8220; custom_padding_tablet=&#8220;||14%||false|false&#8220; custom_padding_phone=&#8220;||25%||false|false&#8220; bottom_divider_style=&#8220;asymmetric&#8220; bottom_divider_color=&#8220;#FFFFFF&#8220; bottom_divider_height=&#8220;63px&#8220; bottom_divider_flip=&#8220;horizontal|vertical&#8220; locked=&#8220;off&#8220; global_colors_info=&#8220;{%22gcid-f056191c-0c47-46b2-961d-7d7651417736%22:%91%22background_color%22%93}&#8220;][et_pb_row _builder_version=&#8220;4.16&#8243; _module_preset=&#8220;default&#8220; global_colors_info=&#8220;{}&#8220;][et_pb_column type=&#8220;4_4&#8243; _builder_version=&#8220;4.16&#8243; _module_preset=&#8220;default&#8220; global_colors_info=&#8220;{}&#8220;][dipl_text_animator prefix_text=&#8220;Traktoren&#8220; animated_text=&#8220;CASE IH&#8220; animation_layout=&#8220;wipe&#8220; in_stack=&#8220;on&#8220; animation_time=&#8220;1840ms&#8220; animation_hold=&#8220;5730ms&#8220; main_part_text_background=&#8220;on&#8220; main_background_color=&#8220;#AF2B1E&#8220; _builder_version=&#8220;4.22.1&#8243; _module_preset=&#8220;default&#8220; global_text_settings_font=&#8220;jl_georgia_bold||||||||&#8220; global_text_settings_text_align=&#8220;center&#8220; global_text_settings_text_color=&#8220;#ffffff&#8220; pre_and_post_text_font=&#8220;jl_georgia_bold|700|on|on|||||&#8220; pre_and_post_text_text_color=&#8220;#ffffff&#8220; pre_and_post_text_font_size=&#8220;58px&#8220; pre_and_post_text_letter_spacing=&#8220;5px&#8220; pre_and_post_text_line_height=&#8220;1.7em&#8220; main_text_font=&#8220;jl_georgia_bold|700|on|on|||||&#8220; main_text_text_color=&#8220;gcid-5c463a98-2147-4284-9acb-f03cd86478d3&#8243; main_text_font_size=&#8220;20px&#8220; main_text_letter_spacing=&#8220;3px&#8220; main_text_line_height=&#8220;1.7em&#8220; pre_and_post_text_font_size_tablet=&#8220;&#8220; pre_and_post_text_font_size_phone=&#8220;37px&#8220; pre_and_post_text_font_size_last_edited=&#8220;on|phone&#8220; main_text_font_size_tablet=&#8220;&#8220; main_text_font_size_phone=&#8220;15px&#8220; main_text_font_size_last_edited=&#8220;on|phone&#8220; main_text_letter_spacing_tablet=&#8220;&#8220; main_text_letter_spacing_phone=&#8220;10px&#8220; main_text_letter_spacing_last_edited=&#8220;on|phone&#8220; pre_and_post_text_text_shadow_style=&#8220;preset1&#8243; pre_and_post_text_text_shadow_color=&#8220;#000000&#8243; main_text_text_shadow_style=&#8220;preset1&#8243; main_text_text_shadow_horizontal_length=&#8220;0.1em&#8220; main_text_text_shadow_blur_strength=&#8220;0em&#8220; main_text_text_shadow_color=&#8220;#FFFFFF&#8220; global_colors_info=&#8220;{%22gcid-5c463a98-2147-4284-9acb-f03cd86478d3%22:%91%22main_text_text_color%22%93}&#8220;][\/dipl_text_animator][\/et_pb_column][\/et_pb_row][et_pb_row _builder_version=&#8220;4.16&#8243; _module_preset=&#8220;default&#8220; global_colors_info=&#8220;{}&#8220;][et_pb_column type=&#8220;4_4&#8243; _builder_version=&#8220;4.16&#8243; _module_preset=&#8220;default&#8220; global_colors_info=&#8220;{}&#8220;][et_pb_text content_tablet=&#8220;<\/p>\n<p>J\u00e4ggi Landmaschinen GmbH<br \/>Ihr Partner &#8211; 25 Jahre Erfahrung, Qualit\u00e4t und Zuverl\u00e4ssigkeit!<\/p>\n<p>&#8220; content_phone=&#8220;J\u00e4ggi Landmaschinen GmbH<br \/>\nIhr Partner &#8211; 25 Jahre Erfahrung, Qualit\u00e4t und Zuverl\u00e4ssigkeit!&#8220; content_last_edited=&#8220;on|tablet&#8220; _builder_version=&#8220;4.22.1&#8243; _module_preset=&#8220;default&#8220; text_text_color=&#8220;#FFFFFF&#8220; text_orientation=&#8220;center&#8220; global_colors_info=&#8220;{}&#8220;]<\/p>\n<p>J\u00e4ggi Landtechnik AG &#8211; mit Qualit\u00e4t und Zuverl\u00e4ssigkeit!<\/p>\n<p>[\/et_pb_text][\/et_pb_column][\/et_pb_row][\/et_pb_section][et_pb_section fb_built=&#8220;1&#8243; admin_label=&#8220;\u00dcberschrift Startseite \/ Produkte&#8220; module_id=&#8220;mieten&#8220; _builder_version=&#8220;4.16&#8243; _module_preset=&#8220;default&#8220; background_color=&#8220;RGBA(255,255,255,0)&#8220; background_enable_image=&#8220;off&#8220; parallax=&#8220;on&#8220; custom_margin=&#8220;5.7%|0px|-14%|0px|false|true&#8220; custom_padding=&#8220;6px|0px|2px|0px|false|true&#8220; bottom_divider_color=&#8220;rgba(0,0,0,0.04)&#8220; bottom_divider_height=&#8220;466px&#8220; global_colors_info=&#8220;{}&#8220;][\/et_pb_section][et_pb_section fb_built=&#8220;1&#8243; admin_label=&#8220;\u00dcberschrift Startseite \/ Produkte&#8220; _builder_version=&#8220;4.22.1&#8243; _module_preset=&#8220;default&#8220; background_enable_image=&#8220;off&#8220; background_size=&#8220;contain&#8220; background_position=&#8220;bottom_right&#8220; custom_margin=&#8220;200px||1%||false|false&#8220; custom_margin_tablet=&#8220;20px||||false|false&#8220; custom_margin_phone=&#8220;99px||||false|false&#8220; custom_margin_last_edited=&#8220;on|phone&#8220; custom_padding=&#8220;6px||2px|||&#8220; bottom_divider_color=&#8220;rgba(0,0,0,0.04)&#8220; bottom_divider_height=&#8220;466px&#8220; global_colors_info=&#8220;{}&#8220;][et_pb_row custom_padding_last_edited=&#8220;on|phone&#8220; _builder_version=&#8220;4.18.0&#8243; _module_preset=&#8220;default&#8220; background_color=&#8220;#FFFFFF&#8220; width=&#8220;76%&#8220; width_tablet=&#8220;95vw&#8220; width_phone=&#8220;95vw&#8220; width_last_edited=&#8220;on|phone&#8220; module_alignment=&#8220;center&#8220; custom_margin=&#8220;0px|0px|0px|0px|false|false&#8220; custom_margin_tablet=&#8220;||||false|false&#8220; custom_margin_phone=&#8220;-13vh||||false|false&#8220; custom_margin_last_edited=&#8220;on|phone&#8220; custom_padding=&#8220;35px|0px|0px|0px|false|false&#8220; custom_padding_tablet=&#8220;3%||3%||true|false&#8220; custom_padding_phone=&#8220;3%||3%||true|false&#8220; animation_direction=&#8220;left&#8220; scroll_horizontal_motion=&#8220;0|50|50|100|1|0|-1&#8243; border_width_top=&#8220;5px&#8220; border_color_top=&#8220;gcid-f056191c-0c47-46b2-961d-7d7651417736&#8243; global_colors_info=&#8220;{%22gcid-f056191c-0c47-46b2-961d-7d7651417736%22:%91%22border_color_top%22%93}&#8220;][et_pb_column type=&#8220;4_4&#8243; _builder_version=&#8220;4.18.0&#8243; _module_preset=&#8220;default&#8220; custom_padding=&#8220;0px|0px|0px|0px|false|false&#8220; global_colors_info=&#8220;{}&#8220;][et_pb_text module_id=&#8220;magnum&#8220; _builder_version=&#8220;4.21.0&#8243; _module_preset=&#8220;default&#8220; header_2_font=&#8220;jl_georgia_bold|700|||||||&#8220; header_2_text_align=&#8220;center&#8220; header_2_text_color=&#8220;#000000&#8243; header_2_font_size=&#8220;3.5em&#8220; header_2_line_height=&#8220;1.4em&#8220; custom_margin=&#8220;0px|0px|0px|0px|true|true&#8220; custom_padding=&#8220;0px|0px|0px|0px|true|true&#8220; header_2_font_size_tablet=&#8220;3.8em&#8220; header_2_font_size_phone=&#8220;2.9em&#8220; header_2_font_size_last_edited=&#8220;on|phone&#8220; global_colors_info=&#8220;{}&#8220;]<\/p>\n<h2>CASE IH TRAKTOREN<\/h2>\n<p>[\/et_pb_text][dipl_text_highlighter highlighter_content=&#8220;Auf uns k\u00f6nnen Sie z\u00e4hlen&#8220; svg_color=&#8220;gcid-f056191c-0c47-46b2-961d-7d7651417736&#8243; stroke_width=&#8220;1.5&#8243; stroke_paint_delay=&#8220;0.5s&#8220; _builder_version=&#8220;4.16&#8243; _module_preset=&#8220;default&#8220; global_title_text_align=&#8220;center&#8220; global_body_text_align=&#8220;center&#8220; main_body_text_color=&#8220;RGBA(255,255,255,0)&#8220; main_body_font_size=&#8220;25px&#8220; module_alignment=&#8220;center&#8220; custom_margin=&#8220;-39px|0px|0px|0px|false|true&#8220; custom_padding=&#8220;0px|0px|31px|0px|false|true&#8220; global_colors_info=&#8220;{%22gcid-f056191c-0c47-46b2-961d-7d7651417736%22:%91%22svg_color%22%93}&#8220;][\/dipl_text_highlighter][dipl_text_animator prefix_text=&#8220;Als Ihr H\u00e4ndler f\u00fcr Ihren CASE Traktor garantieren wir Ihnen:&#8220; animated_text=&#8220;Top Qualit\u00e4t, | Top Beratung, | Top Preise!&#8220; animation_layout=&#8220;wipe&#8220; in_stack=&#8220;on&#8220; animation_time=&#8220;2500ms&#8220; animation_hold=&#8220;2500ms&#8220; _builder_version=&#8220;4.18.0&#8243; _module_preset=&#8220;default&#8220; global_text_settings_font=&#8220;jl_georgia_bold|700|||||||&#8220; global_text_settings_text_align=&#8220;center&#8220; global_text_settings_text_color=&#8220;gcid-b1a3cad7-0546-47d7-86df-9902dc06c02d&#8220; global_text_settings_font_size=&#8220;2em&#8220; pre_and_post_text_font=&#8220;jl_georgia_bold|700|||||||&#8220; pre_and_post_text_text_color=&#8220;gcid-b1a3cad7-0546-47d7-86df-9902dc06c02d&#8220; pre_and_post_text_font_size=&#8220;0.7em&#8220; pre_and_post_text_line_height=&#8220;1.6em&#8220; main_text_font=&#8220;jl_georgia_bold|700|||||||&#8220; main_text_text_color=&#8220;gcid-f056191c-0c47-46b2-961d-7d7651417736&#8243; main_text_font_size=&#8220;0.7em&#8220; width_tablet=&#8220;100%&#8220; width_phone=&#8220;&#8220; width_last_edited=&#8220;on|tablet&#8220; min_height=&#8220;108.5px&#8220; custom_margin=&#8220;0px|0px|0px|0px|false|true&#8220; custom_padding=&#8220;10px|0px|0px|0px|false|true&#8220; global_text_settings_font_size_tablet=&#8220;2em&#8220; global_text_settings_font_size_phone=&#8220;1.7em&#8220; global_text_settings_font_size_last_edited=&#8220;on|phone&#8220; global_colors_info=&#8220;{%22gcid-b1a3cad7-0546-47d7-86df-9902dc06c02d%22:%91%22global_text_settings_text_color%22,%22pre_and_post_text_text_color%22%93,%22gcid-f056191c-0c47-46b2-961d-7d7651417736%22:%91%22main_text_text_color%22%93}&#8220;][\/dipl_text_animator][dipl_separator _builder_version=&#8220;4.18.0&#8243; _module_preset=&#8220;6ac24798-ee29-48e8-9e71-ea76eb48acec&#8220; width_tablet=&#8220;200px&#8220; width_phone=&#8220;150px&#8220; width_last_edited=&#8220;on|phone&#8220; custom_margin=&#8220;20px|0px|0px|0px|false|false&#8220; custom_margin_tablet=&#8220;10px||||false|false&#8220; custom_margin_phone=&#8220;26px||||false|false&#8220; custom_margin_last_edited=&#8220;on|desktop&#8220; global_colors_info=&#8220;{}&#8220;][\/dipl_separator][dipl_separator separator_type=&#8220;dipl_shadow&#8220; seprator_thickness=&#8220;5px&#8220; separator_color=&#8220;gcid-3cbf2aa8-d6fb-4030-86bf-ccfc37aa6113&#8243; _builder_version=&#8220;4.16&#8243; _module_preset=&#8220;default&#8220; width=&#8220;100%&#8220; module_alignment=&#8220;center&#8220; custom_margin=&#8220;4vh||0px|0px|false|false&#8220; custom_padding=&#8220;0px|0px|0px|0px|false|false&#8220; global_colors_info=&#8220;{%22gcid-3cbf2aa8-d6fb-4030-86bf-ccfc37aa6113%22:%91%22separator_color%22%93}&#8220;][\/dipl_separator][\/et_pb_column][\/et_pb_row][\/et_pb_section][et_pb_section fb_built=&#8220;1&#8243; _builder_version=&#8220;4.18.0&#8243; _module_preset=&#8220;default&#8220; background_image=&#8220;https:\/\/jaeggi-landtechnik.ch\/wp-content\/uploads\/2022\/09\/case-ih-traktor-artikel.jpg&#8220; parallax=&#8220;on&#8220; global_colors_info=&#8220;{}&#8220;][et_pb_row column_structure=&#8220;1_3,1_3,1_3&#8243; use_custom_gutter=&#8220;on&#8220; gutter_width=&#8220;2&#8243; make_equal=&#8220;on&#8220; module_id=&#8220;steyr_row&#8220; _builder_version=&#8220;4.21.0&#8243; _module_preset=&#8220;default&#8220; module_alignment=&#8220;center&#8220; global_colors_info=&#8220;{}&#8220;][et_pb_column type=&#8220;1_3&#8243; _builder_version=&#8220;4.21.0&#8243; _module_preset=&#8220;default&#8220; background_color=&#8220;#FFFFFF&#8220; global_colors_info=&#8220;{}&#8220;][et_pb_cta title=&#8220;CASE IH MAGNUM&#8220; button_url=&#8220;https:\/\/www.case-steyr-center.ch\/case-ih\/traktoren\/case-ih-magnum&#8220; url_new_window=&#8220;on&#8220; _builder_version=&#8220;4.21.0&#8243; _module_preset=&#8220;default&#8220; header_font=&#8220;jl_georgia_bold|700|||||||&#8220; header_text_align=&#8220;left&#8220; header_text_color=&#8220;gcid-f056191c-0c47-46b2-961d-7d7651417736&#8243; header_font_size=&#8220;22px&#8220; header_line_height=&#8220;2.7em&#8220; body_text_color=&#8220;gcid-09bccf84-3114-48ce-95f8-3be656dc2cca&#8220; body_font_size=&#8220;17px&#8220; body_line_height=&#8220;1.8em&#8220; background_color=&#8220;rgba(255,255,255,0.85)&#8220; custom_button=&#8220;on&#8220; button_text_color=&#8220;gcid-f056191c-0c47-46b2-961d-7d7651417736&#8243; button_bg_color=&#8220;gcid-f056191c-0c47-46b2-961d-7d7651417736&#8243; button_border_width=&#8220;0px&#8220; button_border_radius=&#8220;0px&#8220; button_font=&#8220;jl_georgia_bold||||||||&#8220; button_icon=&#8220;&#x45;||divi||400&#8243; button_icon_color=&#8220;#FFFFFF&#8220; button_on_hover=&#8220;off&#8220; button_alignment=&#8220;right&#8220; custom_margin=&#8220;15px|15px|15px|15px|true|true&#8220; custom_padding=&#8220;0px|28px|96px|28px|false|true&#8220; link_option_url_new_window=&#8220;on&#8220; box_shadow_style_button=&#8220;preset1&#8243; global_colors_info=&#8220;{%22gcid-f056191c-0c47-46b2-961d-7d7651417736%22:%91%22header_text_color%22,%22button_bg_color%22,%22button_text_color__hover%22,%22button_icon_color__hover%22%93,%22gcid-09bccf84-3114-48ce-95f8-3be656dc2cca%22:%91%22body_text_color%22%93,%22gcid-77881ff0-8d7b-42da-9d41-0977376b24d5%22:%91%22button_text_color%22,%22button_bg_color__hover%22%93}&#8220; button_text_color__hover=&#8220;#ffffff&#8220; button_text_color__hover_enabled=&#8220;on|hover&#8220; button_bg_color__hover=&#8220;#ffffff&#8220; button_bg_color__hover_enabled=&#8220;on|hover&#8220; button_icon_color__hover=&#8220;#c5233d&#8220; button_icon_color__hover_enabled=&#8220;on|hover&#8220;]<\/p>\n<p style=\"text-align: left;\">In der Landwirtschaft bringt jeder Tag neue M\u00f6glichkeiten und Herausforderungen. Sie treffen Ihre Entscheidungen, gehen Ihren eigenen Weg und der Erfolg gibt Ihnen recht. Die gr\u00f6sstm\u00f6gliche Handlungsfreiheit seitens unserer Kunden war ein bestimmender Faktor bei der Konzeption des neuen Magnum AFS Connect. Erh\u00e4ltlich mit CVXDrive oder PowerDrive-Getriebe in einer Rad- und Rowtrac-Version; insgesamt 8 Modelle.<\/p>\n<p>[\/et_pb_cta][dipl_button inline_buttons=&#8220;on&#8220; buttons_alignment=&#8220;right&#8220; _builder_version=&#8220;4.18.0&#8243; _module_preset=&#8220;default&#8220; button_font=&#8220;Roboto Condensed|700|||||||&#8220; button_text_color=&#8220;gcid-f056191c-0c47-46b2-961d-7d7651417736&#8243; button_font_size=&#8220;16px&#8220; button_letter_spacing=&#8220;2px&#8220; positioning=&#8220;absolute&#8220; position_origin_a=&#8220;bottom_center&#8220; width=&#8220;100%&#8220; custom_margin=&#8220;|0px|0px|0px|false|true&#8220; custom_padding=&#8220;0px|0px|0px|0px|true|false&#8220; global_colors_info=&#8220;{%22gcid-f056191c-0c47-46b2-961d-7d7651417736%22:%91%22button_text_color%22%93}&#8220;][dipl_button_item button_text=&#8220;case-steyr-center.ch&#8220; button_url=&#8220;https:\/\/www.case-steyr-center.ch\/case-ih\/traktoren\/case-ih-magnum&#8220; url_new_window=&#8220;on&#8220; background_fill_style=&#8220;horizontal_shutter_fill&#8220; button_bg_color=&#8220;gcid-77881ff0-8d7b-42da-9d41-0977376b24d5&#8243; button_alignment=&#8220;left&#8220; button_custom_margin=&#8220;0px|3px|0px|0px|true|false&#8220; button_custom_padding=&#8220;5px|39px|5px|40px|true|false&#8220; button_bg_color_last_edited=&#8220;off|desktop&#8220; _builder_version=&#8220;4.18.0&#8243; _module_preset=&#8220;default&#8220; button_font=&#8220;jl_georgia_bold|700||on|||||&#8220; button_text_color=&#8220;gcid-f056191c-0c47-46b2-961d-7d7651417736&#8243; button_font_size=&#8220;14px&#8220; button_letter_spacing=&#8220;0px&#8220; text_orientation=&#8220;left&#8220; border_width_left=&#8220;8px&#8220; border_color_left=&#8220;gcid-f056191c-0c47-46b2-961d-7d7651417736&#8243; box_shadow_style=&#8220;preset1&#8243; box_shadow_color=&#8220;rgba(0,0,0,0.2)&#8220; global_colors_info=&#8220;{%22gcid-77881ff0-8d7b-42da-9d41-0977376b24d5%22:%91%22button_bg_color%22,%22button_text_color__hover%22%93,%22gcid-f056191c-0c47-46b2-961d-7d7651417736%22:%91%22border_color_left%22,%22button_text_color%22,%22button_bg_color__hover%22%93}&#8220; button_text_color__hover=&#8220;#ffffff&#8220; border_color_left__hover_enabled=&#8220;on|hover&#8220; border_color_left__hover=&#8220;#FFFFFF&#8220; box_shadow_blur__hover_enabled=&#8220;off|hover&#8220; box_shadow_spread__hover_enabled=&#8220;on|hover&#8220; box_shadow_spread__hover=&#8220;8px&#8220; button_bg_color__hover=&#8220;#af2b1e&#8220;][\/dipl_button_item][dipl_button_item button_text=&#8220;zur\u00fcck zu den Produkten&#8220; button_url=&#8220;https:\/\/jaeggi-landtechnik.ch\/?page_id=35\/#angebot&#8220; background_fill_style=&#8220;horizontal_shutter_fill&#8220; button_bg_color=&#8220;gcid-77881ff0-8d7b-42da-9d41-0977376b24d5&#8243; button_alignment=&#8220;left&#8220; button_custom_margin=&#8220;0px|3px|0px|0px|true|false&#8220; button_custom_padding=&#8220;5px|19px|5px|20px|true|false&#8220; button_bg_color_last_edited=&#8220;off|desktop&#8220; _builder_version=&#8220;4.18.0&#8243; _module_preset=&#8220;default&#8220; button_font=&#8220;jl_georgia_bold|700||on|||||&#8220; button_text_color=&#8220;gcid-f056191c-0c47-46b2-961d-7d7651417736&#8243; button_font_size=&#8220;14px&#8220; button_letter_spacing=&#8220;0px&#8220; text_orientation=&#8220;left&#8220; hover_enabled=&#8220;1&#8243; border_width_left=&#8220;8px&#8220; border_color_left=&#8220;gcid-f056191c-0c47-46b2-961d-7d7651417736&#8243; box_shadow_style=&#8220;preset1&#8243; box_shadow_color=&#8220;rgba(0,0,0,0.2)&#8220; global_colors_info=&#8220;{%22gcid-77881ff0-8d7b-42da-9d41-0977376b24d5%22:%91%22button_bg_color%22,%22button_text_color__hover%22,%22button_bg_color%22,%22button_text_color__hover%22%93,%22gcid-f056191c-0c47-46b2-961d-7d7651417736%22:%91%22button_bg_color__hover%22,%22button_text_color%22,%22border_color_left%22,%22button_bg_color__hover%22,%22button_text_color%22,%22border_color_left%22%93}&#8220; button_text_color__hover=&#8220;#ffffff&#8220; border_color_left__hover_enabled=&#8220;on|hover&#8220; border_color_left__hover=&#8220;#FFFFFF&#8220; box_shadow_spread__hover=&#8220;8px&#8220; box_shadow_spread__hover_enabled=&#8220;on|hover&#8220; button_bg_color__hover=&#8220;#af2b1e&#8220; box_shadow_blur__hover_enabled=&#8220;off|hover&#8220;][\/dipl_button_item][\/dipl_button][\/et_pb_column][et_pb_column type=&#8220;1_3&#8243; _builder_version=&#8220;4.18.0&#8243; _module_preset=&#8220;default&#8220; background_color=&#8220;#FFFFFF&#8220; global_colors_info=&#8220;{}&#8220;][et_pb_cta title=&#8220;CASE IH OPTUM&#8220; url_new_window=&#8220;on&#8220; button_text=&#8220;case-steyr-center.ch&#8220; module_id=&#8220;optum&#8220; _builder_version=&#8220;4.18.0&#8243; _module_preset=&#8220;default&#8220; header_font=&#8220;jl_georgia_bold||||||||&#8220; header_text_align=&#8220;left&#8220; header_text_color=&#8220;gcid-f056191c-0c47-46b2-961d-7d7651417736&#8243; header_font_size=&#8220;22px&#8220; header_line_height=&#8220;2.7em&#8220; body_text_color=&#8220;gcid-09bccf84-3114-48ce-95f8-3be656dc2cca&#8220; body_font_size=&#8220;17px&#8220; body_line_height=&#8220;1.8em&#8220; background_color=&#8220;rgba(255,255,255,0.85)&#8220; custom_button=&#8220;on&#8220; button_text_color=&#8220;gcid-f056191c-0c47-46b2-961d-7d7651417736&#8243; button_bg_color=&#8220;gcid-f056191c-0c47-46b2-961d-7d7651417736&#8243; button_border_width=&#8220;0px&#8220; button_border_radius=&#8220;0px&#8220; button_font=&#8220;jl_georgia_bold||||||||&#8220; button_icon=&#8220;&#x45;||divi||400&#8243; button_icon_color=&#8220;#FFFFFF&#8220; button_on_hover=&#8220;off&#8220; button_alignment=&#8220;right&#8220; custom_margin=&#8220;15px|15px|15px|15px|true|true&#8220; custom_padding=&#8220;0px|28px|96px|28px|false|true&#8220; box_shadow_style_button=&#8220;preset1&#8243; global_colors_info=&#8220;{%22gcid-f056191c-0c47-46b2-961d-7d7651417736%22:%91%22header_text_color%22,%22button_bg_color%22,%22button_text_color__hover%22,%22button_icon_color__hover%22%93,%22gcid-09bccf84-3114-48ce-95f8-3be656dc2cca%22:%91%22body_text_color%22%93,%22gcid-77881ff0-8d7b-42da-9d41-0977376b24d5%22:%91%22button_text_color%22,%22button_bg_color__hover%22%93}&#8220; button_text_color__hover=&#8220;#ffffff&#8220; button_text_color__hover_enabled=&#8220;on|hover&#8220; button_bg_color__hover=&#8220;#ffffff&#8220; button_bg_color__hover_enabled=&#8220;on|hover&#8220; button_icon_color__hover=&#8220;#c5233d&#8220; button_icon_color__hover_enabled=&#8220;on|hover&#8220;]<\/p>\n<p style=\"text-align: left;\">Diese Baureihe bietet leistungsstarke, kompakte und \u00e4usserst wendige Traktoren mit einem exzellenten Leistungsgewicht. Die Optum Modelle meistern jede Arbeit mit maximaler Leistung, Effizienz und Zuverl\u00e4ssigkeit und jetzt wurden diese Errungenschaften mit der komfortabelsten und digital vernetztesten Kabine mit den neuesten Telematik Anwendungen und einem einzigartigen Bedienkonzept kombiniert.<\/p>\n<p>[\/et_pb_cta][dipl_button inline_buttons=&#8220;on&#8220; buttons_alignment=&#8220;right&#8220; _builder_version=&#8220;4.18.0&#8243; _module_preset=&#8220;default&#8220; button_font=&#8220;Roboto Condensed|700|||||||&#8220; button_text_color=&#8220;gcid-f056191c-0c47-46b2-961d-7d7651417736&#8243; button_font_size=&#8220;16px&#8220; button_letter_spacing=&#8220;2px&#8220; positioning=&#8220;absolute&#8220; position_origin_a=&#8220;bottom_center&#8220; width=&#8220;100%&#8220; custom_margin=&#8220;|0px|0px|0px|false|true&#8220; custom_padding=&#8220;0px|0px|0px|0px|true|false&#8220; global_colors_info=&#8220;{%22gcid-f056191c-0c47-46b2-961d-7d7651417736%22:%91%22button_text_color%22%93}&#8220;][dipl_button_item button_text=&#8220;case-steyr-center.ch&#8220; button_url=&#8220;https:\/\/www.case-steyr-center.ch\/case-ih\/traktoren\/case-ih-optum-cvxdrive&#8220; url_new_window=&#8220;on&#8220; background_fill_style=&#8220;horizontal_shutter_fill&#8220; button_bg_color=&#8220;gcid-77881ff0-8d7b-42da-9d41-0977376b24d5&#8243; button_alignment=&#8220;left&#8220; button_custom_margin=&#8220;0px|3px|0px|0px|true|false&#8220; button_custom_padding=&#8220;5px|39px|5px|40px|true|false&#8220; button_bg_color_last_edited=&#8220;off|desktop&#8220; _builder_version=&#8220;4.18.0&#8243; _module_preset=&#8220;default&#8220; button_font=&#8220;jl_georgia_bold|700||on|||||&#8220; button_text_color=&#8220;gcid-f056191c-0c47-46b2-961d-7d7651417736&#8243; button_font_size=&#8220;14px&#8220; button_letter_spacing=&#8220;0px&#8220; text_orientation=&#8220;left&#8220; border_width_left=&#8220;8px&#8220; border_color_left=&#8220;gcid-f056191c-0c47-46b2-961d-7d7651417736&#8243; box_shadow_style=&#8220;preset1&#8243; box_shadow_color=&#8220;rgba(0,0,0,0.2)&#8220; global_colors_info=&#8220;{%22gcid-77881ff0-8d7b-42da-9d41-0977376b24d5%22:%91%22button_bg_color%22,%22button_text_color__hover%22%93,%22gcid-f056191c-0c47-46b2-961d-7d7651417736%22:%91%22button_bg_color__hover%22,%22button_text_color%22,%22border_color_left%22%93}&#8220; button_text_color__hover=&#8220;#ffffff&#8220; border_color_left__hover_enabled=&#8220;on|hover&#8220; border_color_left__hover=&#8220;#FFFFFF&#8220; box_shadow_blur__hover_enabled=&#8220;off|hover&#8220; box_shadow_spread__hover_enabled=&#8220;on|hover&#8220; box_shadow_spread__hover=&#8220;8px&#8220; button_bg_color__hover=&#8220;#af2b1e&#8220;][\/dipl_button_item][dipl_button_item button_text=&#8220;zur\u00fcck zu den Produkten&#8220; button_url=&#8220;https:\/\/jaeggi-landtechnik.ch\/?page_id=35\/#angebot&#8220; background_fill_style=&#8220;horizontal_shutter_fill&#8220; button_bg_color=&#8220;gcid-77881ff0-8d7b-42da-9d41-0977376b24d5&#8243; button_alignment=&#8220;left&#8220; button_custom_margin=&#8220;0px|3px|0px|0px|true|false&#8220; button_custom_padding=&#8220;5px|19px|5px|20px|true|false&#8220; button_bg_color_last_edited=&#8220;off|desktop&#8220; _builder_version=&#8220;4.18.0&#8243; _module_preset=&#8220;default&#8220; button_font=&#8220;jl_georgia_bold|700||on|||||&#8220; button_text_color=&#8220;gcid-f056191c-0c47-46b2-961d-7d7651417736&#8243; button_font_size=&#8220;14px&#8220; button_letter_spacing=&#8220;0px&#8220; text_orientation=&#8220;left&#8220; hover_enabled=&#8220;1&#8243; border_width_left=&#8220;8px&#8220; border_color_left=&#8220;gcid-f056191c-0c47-46b2-961d-7d7651417736&#8243; box_shadow_style=&#8220;preset1&#8243; box_shadow_color=&#8220;rgba(0,0,0,0.2)&#8220; global_colors_info=&#8220;{%22gcid-77881ff0-8d7b-42da-9d41-0977376b24d5%22:%91%22button_bg_color%22,%22button_text_color__hover%22,%22button_bg_color%22,%22button_text_color__hover%22%93,%22gcid-f056191c-0c47-46b2-961d-7d7651417736%22:%91%22button_bg_color__hover%22,%22button_text_color%22,%22border_color_left%22,%22button_bg_color__hover%22,%22button_text_color%22,%22border_color_left%22%93}&#8220; button_text_color__hover=&#8220;#ffffff&#8220; border_color_left__hover_enabled=&#8220;on|hover&#8220; border_color_left__hover=&#8220;#FFFFFF&#8220; box_shadow_spread__hover=&#8220;8px&#8220; box_shadow_spread__hover_enabled=&#8220;on|hover&#8220; button_bg_color__hover=&#8220;#af2b1e&#8220; box_shadow_blur__hover_enabled=&#8220;off|hover&#8220;][\/dipl_button_item][\/dipl_button][\/et_pb_column][et_pb_column type=&#8220;1_3&#8243; _builder_version=&#8220;4.18.0&#8243; _module_preset=&#8220;default&#8220; background_color=&#8220;#FFFFFF&#8220; global_colors_info=&#8220;{}&#8220;][et_pb_cta title=&#8220;CASE IH PUMA&#8220; url_new_window=&#8220;on&#8220; module_id=&#8220;puma&#8220; _builder_version=&#8220;4.18.0&#8243; _module_preset=&#8220;default&#8220; header_font=&#8220;jl_georgia_bold||||||||&#8220; header_text_align=&#8220;left&#8220; header_text_color=&#8220;gcid-f056191c-0c47-46b2-961d-7d7651417736&#8243; header_font_size=&#8220;22px&#8220; header_line_height=&#8220;2.7em&#8220; body_text_color=&#8220;gcid-09bccf84-3114-48ce-95f8-3be656dc2cca&#8220; body_font_size=&#8220;17px&#8220; body_line_height=&#8220;1.8em&#8220; background_color=&#8220;rgba(255,255,255,0.85)&#8220; custom_button=&#8220;on&#8220; button_text_color=&#8220;gcid-f056191c-0c47-46b2-961d-7d7651417736&#8243; button_bg_color=&#8220;gcid-f056191c-0c47-46b2-961d-7d7651417736&#8243; button_border_width=&#8220;0px&#8220; button_border_radius=&#8220;0px&#8220; button_font=&#8220;jl_georgia_bold||||||||&#8220; button_icon=&#8220;&#x45;||divi||400&#8243; button_icon_color=&#8220;#FFFFFF&#8220; button_on_hover=&#8220;off&#8220; button_alignment=&#8220;right&#8220; custom_margin=&#8220;15px|15px|15px|15px|true|true&#8220; custom_padding=&#8220;0px|28px|96px|28px|false|true&#8220; custom_css_promo_button=&#8220;margin-top: auto;&#8220; global_colors_info=&#8220;{%22gcid-f056191c-0c47-46b2-961d-7d7651417736%22:%91%22header_text_color%22,%22button_bg_color%22,%22button_text_color__hover%22,%22button_icon_color__hover%22%93,%22gcid-09bccf84-3114-48ce-95f8-3be656dc2cca%22:%91%22body_text_color%22%93,%22gcid-77881ff0-8d7b-42da-9d41-0977376b24d5%22:%91%22button_text_color%22,%22button_bg_color__hover%22%93}&#8220; button_text_color__hover=&#8220;#ffffff&#8220; button_text_color__hover_enabled=&#8220;on|hover&#8220; button_bg_color__hover=&#8220;#ffffff&#8220; button_bg_color__hover_enabled=&#8220;on|hover&#8220; button_icon_color__hover=&#8220;#c5233d&#8220; button_icon_color__hover_enabled=&#8220;on|hover&#8220;]<\/p>\n<p style=\"text-align: left;\">Die Case IH Puma Baureihe mit 13 Modellen von 140 bis 240 PS Motorleistung punktet mit einem neuen Design sowie zus\u00e4tzlichen Funktionen f\u00fcr einen verbesserten Bedienkomfort bei den Puma Modellen 185 bis 240. Die Baureihe ist in zwei verschiedene Linien unterteilt: die kompakten Modelle vom Puma 140 bis zum Puma 175 CVXDrive und die gr\u00f6\u00dferen Puma Traktoren mit den Modellen Puma 185 Multicontroller bis Puma 240 CVXDrive.<\/p>\n<p>[\/et_pb_cta][dipl_button inline_buttons=&#8220;on&#8220; buttons_alignment=&#8220;right&#8220; _builder_version=&#8220;4.18.0&#8243; _module_preset=&#8220;default&#8220; button_font=&#8220;Roboto Condensed|700|||||||&#8220; button_text_color=&#8220;gcid-f056191c-0c47-46b2-961d-7d7651417736&#8243; button_font_size=&#8220;16px&#8220; button_letter_spacing=&#8220;2px&#8220; positioning=&#8220;absolute&#8220; position_origin_a=&#8220;bottom_center&#8220; width=&#8220;100%&#8220; custom_margin=&#8220;|0px|0px|0px|false|true&#8220; custom_padding=&#8220;0px|0px|0px|0px|true|false&#8220; global_colors_info=&#8220;{%22gcid-f056191c-0c47-46b2-961d-7d7651417736%22:%91%22button_text_color%22%93}&#8220;][dipl_button_item button_text=&#8220;case-steyr-center.ch&#8220; button_url=&#8220;https:\/\/www.case-steyr-center.ch\/case-ih\/traktoren\/case-ih-puma-150-175&#8243; url_new_window=&#8220;on&#8220; background_fill_style=&#8220;horizontal_shutter_fill&#8220; button_bg_color=&#8220;gcid-77881ff0-8d7b-42da-9d41-0977376b24d5&#8243; button_alignment=&#8220;left&#8220; button_custom_margin=&#8220;0px|3px|0px|0px|true|false&#8220; button_custom_padding=&#8220;5px|39px|5px|40px|true|false&#8220; button_bg_color_last_edited=&#8220;off|desktop&#8220; _builder_version=&#8220;4.18.0&#8243; _module_preset=&#8220;default&#8220; button_font=&#8220;jl_georgia_bold|700||on|||||&#8220; button_text_color=&#8220;gcid-f056191c-0c47-46b2-961d-7d7651417736&#8243; button_font_size=&#8220;14px&#8220; button_letter_spacing=&#8220;0px&#8220; text_orientation=&#8220;left&#8220; border_width_left=&#8220;8px&#8220; border_color_left=&#8220;gcid-f056191c-0c47-46b2-961d-7d7651417736&#8243; box_shadow_style=&#8220;preset1&#8243; box_shadow_color=&#8220;rgba(0,0,0,0.2)&#8220; global_colors_info=&#8220;{%22gcid-77881ff0-8d7b-42da-9d41-0977376b24d5%22:%91%22button_bg_color%22,%22button_text_color__hover%22%93,%22gcid-f056191c-0c47-46b2-961d-7d7651417736%22:%91%22button_bg_color__hover%22,%22button_text_color%22,%22border_color_left%22%93}&#8220; button_text_color__hover=&#8220;#ffffff&#8220; border_color_left__hover_enabled=&#8220;on|hover&#8220; border_color_left__hover=&#8220;#FFFFFF&#8220; box_shadow_blur__hover_enabled=&#8220;off|hover&#8220; box_shadow_spread__hover_enabled=&#8220;on|hover&#8220; box_shadow_spread__hover=&#8220;8px&#8220; button_bg_color__hover=&#8220;#af2b1e&#8220;][\/dipl_button_item][dipl_button_item button_text=&#8220;zur\u00fcck zu den Produkten&#8220; button_url=&#8220;https:\/\/jaeggi-landtechnik.ch\/?page_id=35\/#angebot&#8220; background_fill_style=&#8220;horizontal_shutter_fill&#8220; button_bg_color=&#8220;gcid-77881ff0-8d7b-42da-9d41-0977376b24d5&#8243; button_alignment=&#8220;left&#8220; button_custom_margin=&#8220;0px|3px|0px|0px|true|false&#8220; button_custom_padding=&#8220;5px|19px|5px|20px|true|false&#8220; button_bg_color_last_edited=&#8220;off|desktop&#8220; _builder_version=&#8220;4.18.0&#8243; _module_preset=&#8220;default&#8220; button_font=&#8220;jl_georgia_bold|700||on|||||&#8220; button_text_color=&#8220;gcid-f056191c-0c47-46b2-961d-7d7651417736&#8243; button_font_size=&#8220;14px&#8220; button_letter_spacing=&#8220;0px&#8220; text_orientation=&#8220;left&#8220; hover_enabled=&#8220;1&#8243; border_width_left=&#8220;8px&#8220; border_color_left=&#8220;gcid-f056191c-0c47-46b2-961d-7d7651417736&#8243; box_shadow_style=&#8220;preset1&#8243; box_shadow_color=&#8220;rgba(0,0,0,0.2)&#8220; global_colors_info=&#8220;{%22gcid-77881ff0-8d7b-42da-9d41-0977376b24d5%22:%91%22button_bg_color%22,%22button_text_color__hover%22,%22button_bg_color%22,%22button_text_color__hover%22%93,%22gcid-f056191c-0c47-46b2-961d-7d7651417736%22:%91%22button_bg_color__hover%22,%22button_text_color%22,%22border_color_left%22,%22button_bg_color__hover%22,%22button_text_color%22,%22border_color_left%22%93}&#8220; button_text_color__hover=&#8220;#ffffff&#8220; border_color_left__hover_enabled=&#8220;on|hover&#8220; border_color_left__hover=&#8220;#FFFFFF&#8220; box_shadow_spread__hover=&#8220;8px&#8220; box_shadow_spread__hover_enabled=&#8220;on|hover&#8220; button_bg_color__hover=&#8220;#af2b1e&#8220; box_shadow_blur__hover_enabled=&#8220;off|hover&#8220;][\/dipl_button_item][\/dipl_button][\/et_pb_column][\/et_pb_row][et_pb_row column_structure=&#8220;1_3,1_3,1_3&#8243; use_custom_gutter=&#8220;on&#8220; gutter_width=&#8220;2&#8243; make_equal=&#8220;on&#8220; module_id=&#8220;steyr_row_2&#8243; _builder_version=&#8220;4.18.0&#8243; _module_preset=&#8220;default&#8220; module_alignment=&#8220;center&#8220; global_colors_info=&#8220;{}&#8220;][et_pb_column type=&#8220;1_3&#8243; _builder_version=&#8220;4.18.0&#8243; _module_preset=&#8220;default&#8220; background_color=&#8220;#FFFFFF&#8220; global_colors_info=&#8220;{}&#8220;][et_pb_cta title=&#8220;CASE IH MAXXUM&#8220; url_new_window=&#8220;on&#8220; button_text=&#8220;case-steyr-center.ch&#8220; module_id=&#8220;maxxum&#8220; _builder_version=&#8220;4.18.0&#8243; _module_preset=&#8220;default&#8220; header_font=&#8220;jl_georgia_bold||||||||&#8220; header_text_align=&#8220;left&#8220; header_text_color=&#8220;gcid-f056191c-0c47-46b2-961d-7d7651417736&#8243; header_font_size=&#8220;22px&#8220; header_line_height=&#8220;2.7em&#8220; body_text_color=&#8220;gcid-09bccf84-3114-48ce-95f8-3be656dc2cca&#8220; body_font_size=&#8220;17px&#8220; body_line_height=&#8220;1.8em&#8220; background_color=&#8220;rgba(255,255,255,0.85)&#8220; custom_button=&#8220;on&#8220; button_text_color=&#8220;gcid-f056191c-0c47-46b2-961d-7d7651417736&#8243; button_bg_color=&#8220;gcid-f056191c-0c47-46b2-961d-7d7651417736&#8243; button_border_width=&#8220;0px&#8220; button_border_radius=&#8220;0px&#8220; button_font=&#8220;jl_georgia_bold||||||||&#8220; button_icon=&#8220;&#x45;||divi||400&#8243; button_icon_color=&#8220;#FFFFFF&#8220; button_on_hover=&#8220;off&#8220; button_alignment=&#8220;right&#8220; custom_margin=&#8220;15px|15px|15px|15px|true|true&#8220; custom_padding=&#8220;0px|28px|96px|28px|false|true&#8220; global_colors_info=&#8220;{%22gcid-f056191c-0c47-46b2-961d-7d7651417736%22:%91%22header_text_color%22,%22button_bg_color%22,%22button_text_color__hover%22,%22button_icon_color__hover%22%93,%22gcid-09bccf84-3114-48ce-95f8-3be656dc2cca%22:%91%22body_text_color%22%93,%22gcid-77881ff0-8d7b-42da-9d41-0977376b24d5%22:%91%22button_text_color%22,%22button_bg_color__hover%22%93}&#8220; button_text_color__hover=&#8220;#ffffff&#8220; button_text_color__hover_enabled=&#8220;on|hover&#8220; button_bg_color__hover=&#8220;#ffffff&#8220; button_bg_color__hover_enabled=&#8220;on|hover&#8220; button_icon_color__hover=&#8220;#c5233d&#8220; button_icon_color__hover_enabled=&#8220;on|hover&#8220;]<\/p>\n<p style=\"text-align: left;\">Maxxum ist seit langem der Name, an dem Traktoren der mittleren Kategorie gemessen werden, ein Synonym f\u00fcr Modelle, die man\u00f6vrierf\u00e4hig, sparsam, stark und zuverl\u00e4ssig sind. Jetzt gibt es eine noch gr\u00f6ssere Auswahl an Modellen mit Getrieben, die genau den Anforderungen Ihres Unternehmens entsprechen.<\/p>\n<p>[\/et_pb_cta][dipl_button inline_buttons=&#8220;on&#8220; buttons_alignment=&#8220;right&#8220; _builder_version=&#8220;4.18.0&#8243; _module_preset=&#8220;default&#8220; button_font=&#8220;Roboto Condensed|700|||||||&#8220; button_text_color=&#8220;gcid-f056191c-0c47-46b2-961d-7d7651417736&#8243; button_font_size=&#8220;16px&#8220; button_letter_spacing=&#8220;2px&#8220; positioning=&#8220;absolute&#8220; position_origin_a=&#8220;bottom_center&#8220; width=&#8220;100%&#8220; custom_margin=&#8220;|0px|0px|0px|false|true&#8220; custom_padding=&#8220;0px|0px|0px|0px|true|false&#8220; global_colors_info=&#8220;{%22gcid-f056191c-0c47-46b2-961d-7d7651417736%22:%91%22button_text_color%22%93}&#8220;][dipl_button_item button_text=&#8220;case-steyr-center.ch&#8220; button_url=&#8220;https:\/\/www.case-steyr-center.ch\/case-ih\/traktoren\/case-ih-maxxum-maxxum-mc-maxxum-cvx&#8220; url_new_window=&#8220;on&#8220; background_fill_style=&#8220;horizontal_shutter_fill&#8220; button_bg_color=&#8220;gcid-77881ff0-8d7b-42da-9d41-0977376b24d5&#8243; button_alignment=&#8220;left&#8220; button_custom_margin=&#8220;0px|3px|0px|0px|true|false&#8220; button_custom_padding=&#8220;5px|39px|5px|40px|true|false&#8220; button_bg_color_last_edited=&#8220;off|desktop&#8220; _builder_version=&#8220;4.18.0&#8243; _module_preset=&#8220;default&#8220; button_font=&#8220;jl_georgia_bold|700||on|||||&#8220; button_text_color=&#8220;gcid-f056191c-0c47-46b2-961d-7d7651417736&#8243; button_font_size=&#8220;14px&#8220; button_letter_spacing=&#8220;0px&#8220; text_orientation=&#8220;left&#8220; border_width_left=&#8220;8px&#8220; border_color_left=&#8220;gcid-f056191c-0c47-46b2-961d-7d7651417736&#8243; box_shadow_style=&#8220;preset1&#8243; box_shadow_color=&#8220;rgba(0,0,0,0.2)&#8220; global_colors_info=&#8220;{%22gcid-77881ff0-8d7b-42da-9d41-0977376b24d5%22:%91%22button_bg_color%22,%22button_text_color__hover%22%93,%22gcid-f056191c-0c47-46b2-961d-7d7651417736%22:%91%22button_bg_color__hover%22,%22button_text_color%22,%22border_color_left%22%93}&#8220; button_text_color__hover=&#8220;#ffffff&#8220; border_color_left__hover_enabled=&#8220;on|hover&#8220; border_color_left__hover=&#8220;#FFFFFF&#8220; box_shadow_blur__hover_enabled=&#8220;off|hover&#8220; box_shadow_spread__hover_enabled=&#8220;on|hover&#8220; box_shadow_spread__hover=&#8220;8px&#8220; button_bg_color__hover=&#8220;#af2b1e&#8220;][\/dipl_button_item][dipl_button_item button_text=&#8220;zur\u00fcck zu den Produkten&#8220; button_url=&#8220;https:\/\/jaeggi-landtechnik.ch\/?page_id=35\/#angebot&#8220; background_fill_style=&#8220;horizontal_shutter_fill&#8220; button_bg_color=&#8220;gcid-77881ff0-8d7b-42da-9d41-0977376b24d5&#8243; button_alignment=&#8220;left&#8220; button_custom_margin=&#8220;0px|3px|0px|0px|true|false&#8220; button_custom_padding=&#8220;5px|19px|5px|20px|true|false&#8220; button_bg_color_last_edited=&#8220;off|desktop&#8220; _builder_version=&#8220;4.18.0&#8243; _module_preset=&#8220;default&#8220; button_font=&#8220;jl_georgia_bold|700||on|||||&#8220; button_text_color=&#8220;gcid-f056191c-0c47-46b2-961d-7d7651417736&#8243; button_font_size=&#8220;14px&#8220; button_letter_spacing=&#8220;0px&#8220; text_orientation=&#8220;left&#8220; hover_enabled=&#8220;1&#8243; border_width_left=&#8220;8px&#8220; border_color_left=&#8220;gcid-f056191c-0c47-46b2-961d-7d7651417736&#8243; box_shadow_style=&#8220;preset1&#8243; box_shadow_color=&#8220;rgba(0,0,0,0.2)&#8220; global_colors_info=&#8220;{%22gcid-77881ff0-8d7b-42da-9d41-0977376b24d5%22:%91%22button_bg_color%22,%22button_text_color__hover%22,%22button_bg_color%22,%22button_text_color__hover%22%93,%22gcid-f056191c-0c47-46b2-961d-7d7651417736%22:%91%22button_bg_color__hover%22,%22button_text_color%22,%22border_color_left%22,%22button_bg_color__hover%22,%22button_text_color%22,%22border_color_left%22%93}&#8220; button_text_color__hover=&#8220;#ffffff&#8220; border_color_left__hover_enabled=&#8220;on|hover&#8220; border_color_left__hover=&#8220;#FFFFFF&#8220; box_shadow_spread__hover=&#8220;8px&#8220; box_shadow_spread__hover_enabled=&#8220;on|hover&#8220; button_bg_color__hover=&#8220;#af2b1e&#8220; box_shadow_blur__hover_enabled=&#8220;off|hover&#8220;][\/dipl_button_item][\/dipl_button][\/et_pb_column][et_pb_column type=&#8220;1_3&#8243; _builder_version=&#8220;4.18.0&#8243; _module_preset=&#8220;default&#8220; background_color=&#8220;#FFFFFF&#8220; global_colors_info=&#8220;{}&#8220;][et_pb_cta title=&#8220;CASE IH VESTRUM&#8220; url_new_window=&#8220;on&#8220; button_text=&#8220;case-steyr-center.ch&#8220; module_id=&#8220;vestrum&#8220; _builder_version=&#8220;4.18.0&#8243; _module_preset=&#8220;default&#8220; header_font=&#8220;jl_georgia_bold||||||||&#8220; header_text_align=&#8220;left&#8220; header_text_color=&#8220;gcid-f056191c-0c47-46b2-961d-7d7651417736&#8243; header_font_size=&#8220;22px&#8220; header_line_height=&#8220;2.7em&#8220; body_text_color=&#8220;gcid-09bccf84-3114-48ce-95f8-3be656dc2cca&#8220; body_font_size=&#8220;17px&#8220; body_line_height=&#8220;1.8em&#8220; background_color=&#8220;rgba(255,255,255,0.85)&#8220; custom_button=&#8220;on&#8220; button_text_color=&#8220;gcid-f056191c-0c47-46b2-961d-7d7651417736&#8243; button_bg_color=&#8220;gcid-f056191c-0c47-46b2-961d-7d7651417736&#8243; button_border_width=&#8220;0px&#8220; button_border_radius=&#8220;0px&#8220; button_font=&#8220;jl_georgia_bold||||||||&#8220; button_icon=&#8220;&#x45;||divi||400&#8243; button_icon_color=&#8220;#FFFFFF&#8220; button_on_hover=&#8220;off&#8220; button_alignment=&#8220;right&#8220; custom_margin=&#8220;15px|15px|15px|15px|true|true&#8220; custom_padding=&#8220;0px|28px|96px|28px|false|true&#8220; custom_css_promo_button=&#8220;margin-top: auto;&#8220; global_colors_info=&#8220;{%22gcid-f056191c-0c47-46b2-961d-7d7651417736%22:%91%22header_text_color%22,%22button_bg_color%22,%22button_text_color__hover%22,%22button_icon_color__hover%22%93,%22gcid-09bccf84-3114-48ce-95f8-3be656dc2cca%22:%91%22body_text_color%22%93,%22gcid-77881ff0-8d7b-42da-9d41-0977376b24d5%22:%91%22button_text_color%22,%22button_bg_color__hover%22%93}&#8220; button_text_color__hover=&#8220;#ffffff&#8220; button_text_color__hover_enabled=&#8220;on|hover&#8220; button_bg_color__hover=&#8220;#ffffff&#8220; button_bg_color__hover_enabled=&#8220;on|hover&#8220; button_icon_color__hover=&#8220;#c5233d&#8220; button_icon_color__hover_enabled=&#8220;on|hover&#8220;]<\/p>\n<p style=\"text-align: left;\">Die neue Serie hebt sich von der Masse ab, denn sie kombiniert die kompakten Abmessungen eines wendigen Vierzylinder-Traktors mit dem Topkomfort und der Ausstattung der gr\u00f6\u00dferen Case IH-Modelle. Das Ergebnis ist der erste Case IH-Traktor in der 100-PS-Klasse mit dem stufenlosen CVXDrive-Getriebe.<\/p>\n<p>[\/et_pb_cta][dipl_button inline_buttons=&#8220;on&#8220; buttons_alignment=&#8220;right&#8220; _builder_version=&#8220;4.18.0&#8243; _module_preset=&#8220;default&#8220; button_font=&#8220;Roboto Condensed|700|||||||&#8220; button_text_color=&#8220;gcid-f056191c-0c47-46b2-961d-7d7651417736&#8243; button_font_size=&#8220;16px&#8220; button_letter_spacing=&#8220;2px&#8220; positioning=&#8220;absolute&#8220; position_origin_a=&#8220;bottom_center&#8220; width=&#8220;100%&#8220; custom_margin=&#8220;|0px|0px|0px|false|true&#8220; custom_padding=&#8220;0px|0px|0px|0px|true|false&#8220; global_colors_info=&#8220;{%22gcid-f056191c-0c47-46b2-961d-7d7651417736%22:%91%22button_text_color%22%93}&#8220;][dipl_button_item button_text=&#8220;case-steyr-center.ch&#8220; button_url=&#8220;https:\/\/www.case-steyr-center.ch\/case-ih\/traktoren\/case-ih-vestrum-cvxdrive&#8220; url_new_window=&#8220;on&#8220; background_fill_style=&#8220;horizontal_shutter_fill&#8220; button_bg_color=&#8220;gcid-77881ff0-8d7b-42da-9d41-0977376b24d5&#8243; button_alignment=&#8220;left&#8220; button_custom_margin=&#8220;0px|3px|0px|0px|true|false&#8220; button_custom_padding=&#8220;5px|39px|5px|40px|true|false&#8220; button_bg_color_last_edited=&#8220;off|desktop&#8220; _builder_version=&#8220;4.18.0&#8243; _module_preset=&#8220;default&#8220; button_font=&#8220;jl_georgia_bold|700||on|||||&#8220; button_text_color=&#8220;gcid-f056191c-0c47-46b2-961d-7d7651417736&#8243; button_font_size=&#8220;14px&#8220; button_letter_spacing=&#8220;0px&#8220; text_orientation=&#8220;left&#8220; border_width_left=&#8220;8px&#8220; border_color_left=&#8220;gcid-f056191c-0c47-46b2-961d-7d7651417736&#8243; box_shadow_style=&#8220;preset1&#8243; box_shadow_color=&#8220;rgba(0,0,0,0.2)&#8220; global_colors_info=&#8220;{%22gcid-77881ff0-8d7b-42da-9d41-0977376b24d5%22:%91%22button_bg_color%22,%22button_text_color__hover%22%93,%22gcid-f056191c-0c47-46b2-961d-7d7651417736%22:%91%22button_bg_color__hover%22,%22button_text_color%22,%22border_color_left%22%93}&#8220; button_text_color__hover=&#8220;#ffffff&#8220; border_color_left__hover_enabled=&#8220;on|hover&#8220; border_color_left__hover=&#8220;#FFFFFF&#8220; box_shadow_blur__hover_enabled=&#8220;off|hover&#8220; box_shadow_spread__hover_enabled=&#8220;on|hover&#8220; box_shadow_spread__hover=&#8220;8px&#8220; button_bg_color__hover=&#8220;#af2b1e&#8220;][\/dipl_button_item][dipl_button_item button_text=&#8220;zur\u00fcck zu den Produkten&#8220; button_url=&#8220;https:\/\/jaeggi-landtechnik.ch\/?page_id=35\/#angebot&#8220; background_fill_style=&#8220;horizontal_shutter_fill&#8220; button_bg_color=&#8220;gcid-77881ff0-8d7b-42da-9d41-0977376b24d5&#8243; button_alignment=&#8220;left&#8220; button_custom_margin=&#8220;0px|3px|0px|0px|true|false&#8220; button_custom_padding=&#8220;5px|19px|5px|20px|true|false&#8220; button_bg_color_last_edited=&#8220;off|desktop&#8220; _builder_version=&#8220;4.18.0&#8243; _module_preset=&#8220;default&#8220; button_font=&#8220;jl_georgia_bold|700||on|||||&#8220; button_text_color=&#8220;gcid-f056191c-0c47-46b2-961d-7d7651417736&#8243; button_font_size=&#8220;14px&#8220; button_letter_spacing=&#8220;0px&#8220; text_orientation=&#8220;left&#8220; hover_enabled=&#8220;1&#8243; border_width_left=&#8220;8px&#8220; border_color_left=&#8220;gcid-f056191c-0c47-46b2-961d-7d7651417736&#8243; box_shadow_style=&#8220;preset1&#8243; box_shadow_color=&#8220;rgba(0,0,0,0.2)&#8220; global_colors_info=&#8220;{%22gcid-77881ff0-8d7b-42da-9d41-0977376b24d5%22:%91%22button_bg_color%22,%22button_text_color__hover%22,%22button_bg_color%22,%22button_text_color__hover%22%93,%22gcid-f056191c-0c47-46b2-961d-7d7651417736%22:%91%22button_bg_color__hover%22,%22button_text_color%22,%22border_color_left%22,%22button_bg_color__hover%22,%22button_text_color%22,%22border_color_left%22%93}&#8220; button_text_color__hover=&#8220;#ffffff&#8220; border_color_left__hover_enabled=&#8220;on|hover&#8220; border_color_left__hover=&#8220;#FFFFFF&#8220; box_shadow_spread__hover=&#8220;8px&#8220; box_shadow_spread__hover_enabled=&#8220;on|hover&#8220; button_bg_color__hover=&#8220;#af2b1e&#8220; box_shadow_blur__hover_enabled=&#8220;off|hover&#8220;][\/dipl_button_item][\/dipl_button][\/et_pb_column][et_pb_column type=&#8220;1_3&#8243; _builder_version=&#8220;4.18.0&#8243; _module_preset=&#8220;default&#8220; background_color=&#8220;#FFFFFF&#8220; global_colors_info=&#8220;{}&#8220;][et_pb_cta title=&#8220;CASE IH FARMALL&#8220; url_new_window=&#8220;on&#8220; button_text=&#8220;case-steyr-center.ch&#8220; module_id=&#8220;farmall&#8220; _builder_version=&#8220;4.18.0&#8243; _module_preset=&#8220;default&#8220; header_font=&#8220;jl_georgia_bold||||||||&#8220; header_text_align=&#8220;left&#8220; header_text_color=&#8220;gcid-f056191c-0c47-46b2-961d-7d7651417736&#8243; header_font_size=&#8220;22px&#8220; header_line_height=&#8220;2.7em&#8220; body_text_color=&#8220;gcid-09bccf84-3114-48ce-95f8-3be656dc2cca&#8220; body_font_size=&#8220;17px&#8220; body_line_height=&#8220;1.8em&#8220; background_color=&#8220;rgba(255,255,255,0.85)&#8220; custom_button=&#8220;on&#8220; button_text_color=&#8220;gcid-f056191c-0c47-46b2-961d-7d7651417736&#8243; button_bg_color=&#8220;gcid-f056191c-0c47-46b2-961d-7d7651417736&#8243; button_border_width=&#8220;0px&#8220; button_border_radius=&#8220;0px&#8220; button_font=&#8220;jl_georgia_bold||||||||&#8220; button_icon=&#8220;&#x45;||divi||400&#8243; button_icon_color=&#8220;#FFFFFF&#8220; button_on_hover=&#8220;off&#8220; button_alignment=&#8220;right&#8220; text_orientation=&#8220;left&#8220; custom_margin=&#8220;15px|15px|15px|15px|true|true&#8220; custom_padding=&#8220;0px|39px|96px|40px|false|false&#8220; global_colors_info=&#8220;{%22gcid-f056191c-0c47-46b2-961d-7d7651417736%22:%91%22header_text_color%22,%22button_bg_color%22,%22button_text_color__hover%22,%22button_icon_color__hover%22%93,%22gcid-09bccf84-3114-48ce-95f8-3be656dc2cca%22:%91%22body_text_color%22%93,%22gcid-77881ff0-8d7b-42da-9d41-0977376b24d5%22:%91%22button_text_color%22,%22button_bg_color__hover%22%93}&#8220; button_text_color__hover=&#8220;#ffffff&#8220; button_text_color__hover_enabled=&#8220;on|hover&#8220; button_bg_color__hover=&#8220;#ffffff&#8220; button_bg_color__hover_enabled=&#8220;on|hover&#8220; button_icon_color__hover=&#8220;#c5233d&#8220; button_icon_color__hover_enabled=&#8220;on|hover&#8220;]<\/p>\n<p>Der Name Farmall steht seit 1923 f\u00fcr leistungsstarke, kompakte und wendige Traktoren. Die robusten und vielseitigen Farmall Modelle bieten ein geringes Leistungsgewicht und wurden f\u00fcr Betriebe mit Tierhaltung oder gr\u00f6\u00dferen Obstplantagen und f\u00fcr allt\u00e4gliche Hofarbeiten entwickelt, um alle Aufgaben zu erledigen, die dort anstehen. Die Farmall Serie wird dabei allen Anforderungen mehr als gerecht.<\/p>\n<p>[\/et_pb_cta][dipl_button inline_buttons=&#8220;on&#8220; buttons_alignment=&#8220;right&#8220; _builder_version=&#8220;4.18.0&#8243; _module_preset=&#8220;default&#8220; button_font=&#8220;Roboto Condensed|700|||||||&#8220; button_text_color=&#8220;gcid-f056191c-0c47-46b2-961d-7d7651417736&#8243; button_font_size=&#8220;16px&#8220; button_letter_spacing=&#8220;2px&#8220; positioning=&#8220;absolute&#8220; position_origin_a=&#8220;bottom_center&#8220; width=&#8220;100%&#8220; custom_margin=&#8220;|0px|0px|0px|false|true&#8220; custom_padding=&#8220;0px|0px|0px|0px|true|false&#8220; global_colors_info=&#8220;{%22gcid-f056191c-0c47-46b2-961d-7d7651417736%22:%91%22button_text_color%22%93}&#8220;][dipl_button_item button_text=&#8220;case-steyr-center.ch&#8220; button_url=&#8220;https:\/\/www.case-steyr-center.ch\/case-ih\/traktoren\/case-ih-luxxum&#8220; url_new_window=&#8220;on&#8220; background_fill_style=&#8220;horizontal_shutter_fill&#8220; button_bg_color=&#8220;gcid-77881ff0-8d7b-42da-9d41-0977376b24d5&#8243; button_alignment=&#8220;left&#8220; button_custom_margin=&#8220;0px|3px|0px|0px|true|false&#8220; button_custom_padding=&#8220;5px|39px|5px|40px|true|false&#8220; button_bg_color_last_edited=&#8220;off|desktop&#8220; _builder_version=&#8220;4.18.0&#8243; _module_preset=&#8220;default&#8220; button_font=&#8220;jl_georgia_bold|700||on|||||&#8220; button_text_color=&#8220;gcid-f056191c-0c47-46b2-961d-7d7651417736&#8243; button_font_size=&#8220;14px&#8220; button_letter_spacing=&#8220;0px&#8220; text_orientation=&#8220;left&#8220; border_width_left=&#8220;8px&#8220; border_color_left=&#8220;gcid-f056191c-0c47-46b2-961d-7d7651417736&#8243; box_shadow_style=&#8220;preset1&#8243; box_shadow_color=&#8220;rgba(0,0,0,0.2)&#8220; global_colors_info=&#8220;{%22gcid-77881ff0-8d7b-42da-9d41-0977376b24d5%22:%91%22button_bg_color%22,%22button_text_color__hover%22%93,%22gcid-f056191c-0c47-46b2-961d-7d7651417736%22:%91%22button_bg_color__hover%22,%22button_text_color%22,%22border_color_left%22%93}&#8220; button_text_color__hover=&#8220;#ffffff&#8220; border_color_left__hover_enabled=&#8220;on|hover&#8220; border_color_left__hover=&#8220;#FFFFFF&#8220; box_shadow_blur__hover_enabled=&#8220;off|hover&#8220; box_shadow_spread__hover_enabled=&#8220;on|hover&#8220; box_shadow_spread__hover=&#8220;8px&#8220; button_bg_color__hover=&#8220;#af2b1e&#8220;][\/dipl_button_item][dipl_button_item button_text=&#8220;zur\u00fcck zu den Produkten&#8220; button_url=&#8220;https:\/\/jaeggi-landtechnik.ch\/?page_id=35\/#angebot&#8220; background_fill_style=&#8220;horizontal_shutter_fill&#8220; button_bg_color=&#8220;gcid-77881ff0-8d7b-42da-9d41-0977376b24d5&#8243; button_alignment=&#8220;left&#8220; button_custom_margin=&#8220;0px|3px|0px|0px|true|false&#8220; button_custom_padding=&#8220;5px|19px|5px|20px|true|false&#8220; button_bg_color_last_edited=&#8220;off|desktop&#8220; _builder_version=&#8220;4.18.0&#8243; _module_preset=&#8220;default&#8220; button_font=&#8220;jl_georgia_bold|700||on|||||&#8220; button_text_color=&#8220;gcid-f056191c-0c47-46b2-961d-7d7651417736&#8243; button_font_size=&#8220;14px&#8220; button_letter_spacing=&#8220;0px&#8220; text_orientation=&#8220;left&#8220; hover_enabled=&#8220;1&#8243; border_width_left=&#8220;8px&#8220; border_color_left=&#8220;gcid-f056191c-0c47-46b2-961d-7d7651417736&#8243; box_shadow_style=&#8220;preset1&#8243; box_shadow_color=&#8220;rgba(0,0,0,0.2)&#8220; global_colors_info=&#8220;{%22gcid-77881ff0-8d7b-42da-9d41-0977376b24d5%22:%91%22button_bg_color%22,%22button_text_color__hover%22,%22button_bg_color%22,%22button_text_color__hover%22%93,%22gcid-f056191c-0c47-46b2-961d-7d7651417736%22:%91%22button_bg_color__hover%22,%22button_text_color%22,%22border_color_left%22,%22button_bg_color__hover%22,%22button_text_color%22,%22border_color_left%22%93}&#8220; button_text_color__hover=&#8220;#ffffff&#8220; border_color_left__hover_enabled=&#8220;on|hover&#8220; border_color_left__hover=&#8220;#FFFFFF&#8220; box_shadow_spread__hover=&#8220;8px&#8220; box_shadow_spread__hover_enabled=&#8220;on|hover&#8220; button_bg_color__hover=&#8220;#af2b1e&#8220; box_shadow_blur__hover_enabled=&#8220;off|hover&#8220;][\/dipl_button_item][\/dipl_button][\/et_pb_column][\/et_pb_row][et_pb_row column_structure=&#8220;1_3,1_3,1_3&#8243; use_custom_gutter=&#8220;on&#8220; gutter_width=&#8220;2&#8243; make_equal=&#8220;on&#8220; module_id=&#8220;steyr_row_3&#8243; _builder_version=&#8220;4.21.0&#8243; _module_preset=&#8220;default&#8220; module_alignment=&#8220;center&#8220; global_colors_info=&#8220;{}&#8220;][et_pb_column type=&#8220;1_3&#8243; _builder_version=&#8220;4.18.0&#8243; _module_preset=&#8220;default&#8220; background_color=&#8220;#FFFFFF&#8220; global_colors_info=&#8220;{}&#8220;][et_pb_cta title=&#8220;CASE IH QUANTUM&#8220; url_new_window=&#8220;on&#8220; button_text=&#8220;case-steyr-center.ch&#8220; module_id=&#8220;quantum&#8220; _builder_version=&#8220;4.18.0&#8243; _module_preset=&#8220;default&#8220; header_font=&#8220;jl_georgia_bold||||||||&#8220; header_text_align=&#8220;left&#8220; header_text_color=&#8220;gcid-f056191c-0c47-46b2-961d-7d7651417736&#8243; header_font_size=&#8220;22px&#8220; header_line_height=&#8220;2.7em&#8220; body_text_color=&#8220;gcid-09bccf84-3114-48ce-95f8-3be656dc2cca&#8220; body_font_size=&#8220;17px&#8220; body_line_height=&#8220;1.8em&#8220; background_color=&#8220;rgba(255,255,255,0.85)&#8220; custom_button=&#8220;on&#8220; button_text_color=&#8220;gcid-f056191c-0c47-46b2-961d-7d7651417736&#8243; button_bg_color=&#8220;gcid-f056191c-0c47-46b2-961d-7d7651417736&#8243; button_border_width=&#8220;0px&#8220; button_border_radius=&#8220;0px&#8220; button_font=&#8220;jl_georgia_bold||||||||&#8220; button_icon=&#8220;&#x45;||divi||400&#8243; button_icon_color=&#8220;#FFFFFF&#8220; button_on_hover=&#8220;off&#8220; button_alignment=&#8220;right&#8220; text_orientation=&#8220;left&#8220; custom_margin=&#8220;15px|15px|15px|15px|true|true&#8220; custom_padding=&#8220;0px|28px|96px|28px|false|true&#8220; global_colors_info=&#8220;{%22gcid-f056191c-0c47-46b2-961d-7d7651417736%22:%91%22header_text_color%22,%22button_bg_color%22,%22button_text_color__hover%22,%22button_icon_color__hover%22%93,%22gcid-09bccf84-3114-48ce-95f8-3be656dc2cca%22:%91%22body_text_color%22%93,%22gcid-77881ff0-8d7b-42da-9d41-0977376b24d5%22:%91%22button_text_color%22,%22button_bg_color__hover%22%93}&#8220; button_text_color__hover=&#8220;#ffffff&#8220; button_text_color__hover_enabled=&#8220;on|hover&#8220; button_bg_color__hover=&#8220;#ffffff&#8220; button_bg_color__hover_enabled=&#8220;on|hover&#8220; button_icon_color__hover=&#8220;#c5233d&#8220; button_icon_color__hover_enabled=&#8220;on|hover&#8220;]<\/p>\n<p>Ganz gleich ob Sie Winzer oder Obstbauer sind oder f\u00fcr andere Arbeiten einen schmalen Kleintraktor ben\u00f6tigen &#8211; der neue Quantum ist mit seinem schlanken Profil, engen Wendekreis und seiner perfekt abgestimmten Technik stets die optimale Wahl. Und mit den neuen CL Modellen der Baureihe gibt es jetzt auch einen Quantum f\u00fcr den Mehrzweckeinsatz.<\/p>\n<p>[\/et_pb_cta][dipl_button inline_buttons=&#8220;on&#8220; buttons_alignment=&#8220;right&#8220; _builder_version=&#8220;4.18.0&#8243; _module_preset=&#8220;default&#8220; button_font=&#8220;Roboto Condensed|700|||||||&#8220; button_text_color=&#8220;gcid-f056191c-0c47-46b2-961d-7d7651417736&#8243; button_font_size=&#8220;16px&#8220; button_letter_spacing=&#8220;2px&#8220; positioning=&#8220;absolute&#8220; position_origin_a=&#8220;bottom_center&#8220; width=&#8220;100%&#8220; custom_margin=&#8220;|0px|0px|0px|false|true&#8220; custom_padding=&#8220;0px|0px|0px|0px|true|false&#8220; global_colors_info=&#8220;{%22gcid-f056191c-0c47-46b2-961d-7d7651417736%22:%91%22button_text_color%22%93}&#8220;][dipl_button_item button_text=&#8220;case-steyr-center.ch&#8220; button_url=&#8220;https:\/\/www.case-steyr-center.ch\/case-ih\/traktoren\/case-ih-quantum-v-n-f-cl-serie&#8220; url_new_window=&#8220;on&#8220; background_fill_style=&#8220;horizontal_shutter_fill&#8220; button_bg_color=&#8220;gcid-77881ff0-8d7b-42da-9d41-0977376b24d5&#8243; button_alignment=&#8220;left&#8220; button_custom_margin=&#8220;0px|3px|0px|0px|true|false&#8220; button_custom_padding=&#8220;5px|39px|5px|40px|true|false&#8220; button_bg_color_last_edited=&#8220;off|desktop&#8220; _builder_version=&#8220;4.18.0&#8243; _module_preset=&#8220;default&#8220; button_font=&#8220;jl_georgia_bold|700||on|||||&#8220; button_text_color=&#8220;gcid-f056191c-0c47-46b2-961d-7d7651417736&#8243; button_font_size=&#8220;14px&#8220; button_letter_spacing=&#8220;0px&#8220; text_orientation=&#8220;left&#8220; border_width_left=&#8220;8px&#8220; border_color_left=&#8220;gcid-f056191c-0c47-46b2-961d-7d7651417736&#8243; box_shadow_style=&#8220;preset1&#8243; box_shadow_color=&#8220;rgba(0,0,0,0.2)&#8220; global_colors_info=&#8220;{%22gcid-77881ff0-8d7b-42da-9d41-0977376b24d5%22:%91%22button_bg_color%22,%22button_text_color__hover%22%93,%22gcid-f056191c-0c47-46b2-961d-7d7651417736%22:%91%22button_bg_color__hover%22,%22button_text_color%22,%22border_color_left%22%93}&#8220; button_text_color__hover=&#8220;#ffffff&#8220; border_color_left__hover_enabled=&#8220;on|hover&#8220; border_color_left__hover=&#8220;#FFFFFF&#8220; box_shadow_blur__hover_enabled=&#8220;off|hover&#8220; box_shadow_spread__hover_enabled=&#8220;on|hover&#8220; box_shadow_spread__hover=&#8220;8px&#8220; button_bg_color__hover=&#8220;#af2b1e&#8220;][\/dipl_button_item][dipl_button_item button_text=&#8220;zur\u00fcck zu den Produkten&#8220; button_url=&#8220;https:\/\/jaeggi-landtechnik.ch\/?page_id=35\/#angebot&#8220; background_fill_style=&#8220;horizontal_shutter_fill&#8220; button_bg_color=&#8220;gcid-77881ff0-8d7b-42da-9d41-0977376b24d5&#8243; button_alignment=&#8220;left&#8220; button_custom_margin=&#8220;0px|3px|0px|0px|true|false&#8220; button_custom_padding=&#8220;5px|19px|5px|20px|true|false&#8220; button_bg_color_last_edited=&#8220;off|desktop&#8220; _builder_version=&#8220;4.18.0&#8243; _module_preset=&#8220;default&#8220; button_font=&#8220;jl_georgia_bold|700||on|||||&#8220; button_text_color=&#8220;gcid-f056191c-0c47-46b2-961d-7d7651417736&#8243; button_font_size=&#8220;14px&#8220; button_letter_spacing=&#8220;0px&#8220; text_orientation=&#8220;left&#8220; hover_enabled=&#8220;1&#8243; border_width_left=&#8220;8px&#8220; border_color_left=&#8220;gcid-f056191c-0c47-46b2-961d-7d7651417736&#8243; box_shadow_style=&#8220;preset1&#8243; box_shadow_color=&#8220;rgba(0,0,0,0.2)&#8220; global_colors_info=&#8220;{%22gcid-77881ff0-8d7b-42da-9d41-0977376b24d5%22:%91%22button_bg_color%22,%22button_text_color__hover%22,%22button_bg_color%22,%22button_text_color__hover%22%93,%22gcid-f056191c-0c47-46b2-961d-7d7651417736%22:%91%22button_bg_color__hover%22,%22button_text_color%22,%22border_color_left%22,%22button_bg_color__hover%22,%22button_text_color%22,%22border_color_left%22%93}&#8220; button_text_color__hover=&#8220;#ffffff&#8220; border_color_left__hover_enabled=&#8220;on|hover&#8220; border_color_left__hover=&#8220;#FFFFFF&#8220; box_shadow_spread__hover=&#8220;8px&#8220; box_shadow_spread__hover_enabled=&#8220;on|hover&#8220; button_bg_color__hover=&#8220;#af2b1e&#8220; box_shadow_blur__hover_enabled=&#8220;off|hover&#8220;][\/dipl_button_item][\/dipl_button][\/et_pb_column][et_pb_column type=&#8220;1_3&#8243; _builder_version=&#8220;4.21.0&#8243; _module_preset=&#8220;default&#8220; background_color=&#8220;RGBA(255,255,255,0)&#8220; global_colors_info=&#8220;{}&#8220;][\/et_pb_column][et_pb_column type=&#8220;1_3&#8243; _builder_version=&#8220;4.18.0&#8243; _module_preset=&#8220;default&#8220; background_color=&#8220;RGBA(255,255,255,0)&#8220; global_colors_info=&#8220;{}&#8220;][\/et_pb_column][\/et_pb_row][\/et_pb_section][et_pb_section fb_built=&#8220;1&#8243; _builder_version=&#8220;4.18.0&#8243; _module_preset=&#8220;default&#8220; background_enable_image=&#8220;off&#8220; background_size=&#8220;contain&#8220; background_position=&#8220;bottom_right&#8220; custom_margin=&#8220;95px||||false|false&#8220; custom_padding=&#8220;0px|||||&#8220; global_colors_info=&#8220;{}&#8220;][et_pb_row _builder_version=&#8220;4.16&#8243; _module_preset=&#8220;default&#8220; global_colors_info=&#8220;{}&#8220;][et_pb_column type=&#8220;4_4&#8243; _builder_version=&#8220;4.16&#8243; _module_preset=&#8220;default&#8220; global_colors_info=&#8220;{}&#8220;][dipl_separator separator_type=&#8220;dipl_shadow&#8220; separator_color=&#8220;gcid-3cbf2aa8-d6fb-4030-86bf-ccfc37aa6113&#8243; _builder_version=&#8220;4.16&#8243; _module_preset=&#8220;default&#8220; global_colors_info=&#8220;{%22gcid-3cbf2aa8-d6fb-4030-86bf-ccfc37aa6113%22:%91%22separator_color%22%93}&#8220;][\/dipl_separator][\/et_pb_column][\/et_pb_row][\/et_pb_section][et_pb_section fb_built=&#8220;1&#8243; admin_label=&#8220;\u00dcberschrift1&#8243; _builder_version=&#8220;4.18.0&#8243; _module_preset=&#8220;default&#8220; background_enable_image=&#8220;off&#8220; parallax=&#8220;on&#8220; width=&#8220;85vw&#8220; module_alignment=&#8220;center&#8220; custom_margin=&#8220;0px|0px|0px|0px|true|false&#8220; custom_padding=&#8220;0%|0px|0%|0%|false|false&#8220; scroll_scaling_enable=&#8220;on&#8220; custom_css_after=&#8220;    content: &#8220;;||    display: block;||    position: absolute;||    top: 24px;||    bottom: -24px;||    left: 24px;||    right: -24px;||    border: 3px #19191a solid;||&#8220; locked=&#8220;off&#8220; global_colors_info=&#8220;{}&#8220; custom_css_before_last_edited=&#8220;on|desktop&#8220; custom_css_main_element_last_edited=&#8220;on|desktop&#8220; custom_css_after_last_edited=&#8220;on|desktop&#8220; custom_css_after_tablet=&#8220;    content: &#8220;;||    display: block;||    position: absolute;||    top: 24px;||    bottom: -24px;||    left: 24px;||    right: -24px;||    border: 3px #19191a solid;||    z-index: 2;&#8220; custom_css_after_phone=&#8220;    content: &#8220;;||    display: block;||    position: absolute;||    top: 24px;||    bottom: -24px;||    left: 24px;||    right: -24px;||    border: 3px #19191a solid;||    z-index: 2;&#8220;][et_pb_row _builder_version=&#8220;4.16&#8243; _module_preset=&#8220;0408b318-fb9f-4591-8c27-bba4ee3490cb&#8220; background_color=&#8220;gcid-c06d2052-c179-48f6-a4a5-b2395c9652e0&#8243; background_enable_color=&#8220;on&#8220; width=&#8220;85vw&#8220; custom_margin=&#8220;0%|0px|0%|0px|true|false&#8220; custom_padding=&#8220;4vh|5px|1vh|5px|false|true&#8220; custom_css_before=&#8220;content: &#8220;;||    display: block;||    position: absolute;||    top: 12px;||    bottom: -12px;||    left: 12px;||    right: -12px;||    border: 2px #C5233D solid;||  ||&#8220; global_colors_info=&#8220;{%22gcid-c06d2052-c179-48f6-a4a5-b2395c9652e0%22:%91%22background_color%22%93}&#8220;][et_pb_column type=&#8220;4_4&#8243; _builder_version=&#8220;4.16&#8243; _module_preset=&#8220;default&#8220; global_colors_info=&#8220;{}&#8220;][dipl_text_highlighter pre_highlighter_content=&#8220;J\u00e4ggi Landmaschinen GmbH&#8220; highlighter_content=&#8220; Ihr Partner &#8220; post_highlighter_content=&#8220;f\u00fcr Ihren CASE IH Traktor&#8220; svg_color=&#8220;gcid-f056191c-0c47-46b2-961d-7d7651417736&#8243; stroke_width=&#8220;1.5px&#8220; _builder_version=&#8220;4.18.0&#8243; _module_preset=&#8220;default&#8220; global_body_font=&#8220;Georgia||||||||&#8220; global_body_text_align=&#8220;center&#8220; global_body_text_color=&#8220;gcid-77881ff0-8d7b-42da-9d41-0977376b24d5&#8243; global_body_font_size=&#8220;1.3em&#8220; global_body_line_height=&#8220;2.2em&#8220; main_body_text_color=&#8220;gcid-f056191c-0c47-46b2-961d-7d7651417736&#8243; main_body_font_size=&#8220;45px&#8220; custom_margin=&#8220;0px|0px|0%|0px|false|false&#8220; custom_padding=&#8220;0px|0px|2%|0px|false|false&#8220; global_colors_info=&#8220;{%22gcid-77881ff0-8d7b-42da-9d41-0977376b24d5%22:%91%22global_body_text_color%22%93,%22gcid-f056191c-0c47-46b2-961d-7d7651417736%22:%91%22svg_color%22,%22main_body_text_color%22%93}&#8220;][\/dipl_text_highlighter][\/et_pb_column][\/et_pb_row][\/et_pb_section][et_pb_section fb_built=&#8220;1&#8243; module_id=&#8220;bild&#8220; module_class=&#8220;et_parallax_bg_wrap&#8220; _builder_version=&#8220;4.18.0&#8243; _module_preset=&#8220;default&#8220; background_enable_color=&#8220;off&#8220; background_enable_image=&#8220;off&#8220; parallax=&#8220;on&#8220; height=&#8220;15vh&#8220; custom_margin=&#8220;0px|0px|0px|0px|true|true&#8220; custom_padding=&#8220;0px|0px|0px|0px|true|true&#8220; top_divider_color=&#8220;#FFFFFF&#8220; global_colors_info=&#8220;{}&#8220;][\/et_pb_section]<\/p>\n","protected":false},"excerpt":{"rendered":"<p><div class=\"et_pb_module dipl_text_animator dipl_text_animator_0\">\n\t\t\t\t\n\t\t\t\t\n\t\t\t\t\n\t\t\t\t\n\t\t\t\t\n\t\t\t\t\n\t\t\t\t<div class=\"et_pb_module_inner\">\n\t\t\t\t\t<div class=\"animated_text_wrapper dipl-wipe\">\n\t\t\t\t<h2>\n\t\t\t\t<span class=\"pre_text_wrapper dipl_pre_post\">Traktoren<\/span>\n\t\t\t\t<span\n\t\t\t\t\t\t\t\t     class=\"animated_text dipl_main_part\" \n\t\t\t\t\t\t\t\t     data-wait-time=\"5730\"\n\t\t\t\t\t\t\t\t     data-animation-time=\"1840\"\n\t\t\t\t\t\t\t\t     data-text=\"CASE IH\"\n\t\t\t\t\t\t\t\t     data-stop-animation-on-hover=\"off\"\n\t\t\t\t\t\t\t\t     >CASE IH<\/span>\n\t\t\t\t\n\t\t\t\t<\/h2>\n\t\t\t<\/div>\n\t\t\t\t<\/div>\n\t\t\t<\/div>J\u00e4ggi Landtechnik AG &#8211; mit Qualit\u00e4t und Zuverl\u00e4ssigkeit!CASE IH TRAKTOREN<div class=\"et_pb_module dipl_text_highlighter dipl_text_highlighter_0\">\n\t\t\t\t\n\t\t\t\t\n\t\t\t\t\n\t\t\t\t\n\t\t\t\t\n\t\t\t\t\n\t\t\t\t<div class=\"et_pb_module_inner\">\n\t\t\t\t\t<div class=\"dipl_text_highlighter_wrapper dipl_highlighter_text dipl_highlight_zigzag \"><span class=\"dipl_text_highlighter_inner_wrapper\"><span class=\"dipl_text_highlighted_content\">&#8220;Auf<\/span><?xml version=\"1.0\" encoding=\"utf-8\"?><!-- Generator: Adobe Illustrator 24.3.0, SVG Export Plug-In . SVG Version: 6.00 Build 0)  --><svg version=\"1.1\" xmlns=\"http:\/\/www.w3.org\/2000\/svg\" xmlns:xlink=\"http:\/\/www.w3.org\/1999\/xlink\" x=\"0px\" y=\"0px\" viewBox=\"0 0 175.3 17.9\" style=\"enable-background:new 0 0 175.3 17.9;\" xml:space=\"preserve\"><style type=\"text\/css\">.st0{fill:none;stroke:#231F20;stroke-width:2.5;stroke-linecap:round;stroke-linejoin:round;}<\/style><path class=\"st0\" d=\"M4,9.3c0,0,106.8-8.9,167.2-1.9c0,0-91.1-0.4-114.6,3.8c0,0,37-1.7,55.2,1.9\"\/><\/svg><\/span><\/div>\n\t\t\t\t<\/div>\n\t\t\t<\/div><\/p>\n","protected":false},"author":1,"featured_media":0,"parent":0,"menu_order":0,"comment_status":"closed","ping_status":"closed","template":"","meta":{"_et_pb_use_builder":"on","_et_pb_old_content":"","_et_gb_content_width":"","footnotes":""},"class_list":["post-247953","page","type-page","status-publish","hentry"],"yoast_head":"<!-- This site is optimized with the Yoast SEO plugin v27.2 - https:\/\/yoast.com\/product\/yoast-seo-wordpress\/ -->\n<title>Traktoren von CASE IH | Bei J\u00e4ggi Landtechnik AG<\/title>\n<meta name=\"description\" content=\"Als langj\u00e4hriger Fachh\u00e4ndler f\u00fcr CASE IH Traktoren k\u00f6nnen wir Ihnen beim Kauf beste Qualit\u00e4t und g\u00fcnstige Konditionen garantieren!\" \/>\n<meta name=\"robots\" content=\"index, follow, max-snippet:-1, max-image-preview:large, max-video-preview:-1\" \/>\n<link rel=\"canonical\" href=\"https:\/\/jaeggi-landtechnik.ch\/?page_id=247953\" \/>\n<meta property=\"og:locale\" content=\"de_DE\" \/>\n<meta property=\"og:type\" content=\"article\" \/>\n<meta property=\"og:title\" content=\"Traktoren von CASE IH | Bei J\u00e4ggi Landtechnik AG\" \/>\n<meta property=\"og:description\" content=\"Als langj\u00e4hriger Fachh\u00e4ndler f\u00fcr CASE IH Traktoren k\u00f6nnen wir Ihnen beim Kauf beste Qualit\u00e4t und g\u00fcnstige Konditionen garantieren!\" \/>\n<meta property=\"og:url\" content=\"https:\/\/jaeggi-landtechnik.ch\/?page_id=247953\" \/>\n<meta property=\"og:site_name\" content=\"J\u00e4ggi Landtechnik AG\" \/>\n<meta property=\"article:modified_time\" content=\"2023-10-12T15:09:14+00:00\" \/>\n<meta name=\"twitter:card\" content=\"summary_large_image\" \/>\n<meta name=\"twitter:label1\" content=\"Gesch\u00e4tzte Lesezeit\" \/>\n\t<meta name=\"twitter:data1\" content=\"10\u00a0Minuten\" \/>\n<script type=\"application\/ld+json\" class=\"yoast-schema-graph\">{\"@context\":\"https:\/\/schema.org\",\"@graph\":[{\"@type\":\"WebPage\",\"@id\":\"https:\/\/jaeggi-landtechnik.ch\/?page_id=247953\",\"url\":\"https:\/\/jaeggi-landtechnik.ch\/?page_id=247953\",\"name\":\"Traktoren von CASE IH | Bei J\u00e4ggi Landtechnik AG\",\"isPartOf\":{\"@id\":\"https:\/\/jaeggi-landtechnik.ch\/#website\"},\"datePublished\":\"2022-09-01T17:18:08+00:00\",\"dateModified\":\"2023-10-12T15:09:14+00:00\",\"description\":\"Als langj\u00e4hriger Fachh\u00e4ndler f\u00fcr CASE IH Traktoren k\u00f6nnen wir Ihnen beim Kauf beste Qualit\u00e4t und g\u00fcnstige Konditionen garantieren!\",\"breadcrumb\":{\"@id\":\"https:\/\/jaeggi-landtechnik.ch\/?page_id=247953#breadcrumb\"},\"inLanguage\":\"de\",\"potentialAction\":[{\"@type\":\"ReadAction\",\"target\":[\"https:\/\/jaeggi-landtechnik.ch\/?page_id=247953\"]}]},{\"@type\":\"BreadcrumbList\",\"@id\":\"https:\/\/jaeggi-landtechnik.ch\/?page_id=247953#breadcrumb\",\"itemListElement\":[{\"@type\":\"ListItem\",\"position\":1,\"name\":\"Startseite\",\"item\":\"https:\/\/jaeggi-landtechnik.ch\/\"},{\"@type\":\"ListItem\",\"position\":2,\"name\":\"Produkt Traktoren CASE IH\"}]},{\"@type\":\"WebSite\",\"@id\":\"https:\/\/jaeggi-landtechnik.ch\/#website\",\"url\":\"https:\/\/jaeggi-landtechnik.ch\/\",\"name\":\"J\u00e4ggi Landtechnik AG\",\"description\":\"Ihr Partner f\u00fcr Ihre Fahrzeuge, Maschinen und Ger\u00e4te\",\"publisher\":{\"@id\":\"https:\/\/jaeggi-landtechnik.ch\/#organization\"},\"potentialAction\":[{\"@type\":\"SearchAction\",\"target\":{\"@type\":\"EntryPoint\",\"urlTemplate\":\"https:\/\/jaeggi-landtechnik.ch\/?s={search_term_string}\"},\"query-input\":{\"@type\":\"PropertyValueSpecification\",\"valueRequired\":true,\"valueName\":\"search_term_string\"}}],\"inLanguage\":\"de\"},{\"@type\":\"Organization\",\"@id\":\"https:\/\/jaeggi-landtechnik.ch\/#organization\",\"name\":\"J\u00e4ggi Landtechnik AG\",\"url\":\"https:\/\/jaeggi-landtechnik.ch\/\",\"logo\":{\"@type\":\"ImageObject\",\"inLanguage\":\"de\",\"@id\":\"https:\/\/jaeggi-landtechnik.ch\/#\/schema\/logo\/image\/\",\"url\":\"https:\/\/jaeggi-landtechnik.ch\/wp-content\/uploads\/2022\/09\/mstile-310x310-1.png\",\"contentUrl\":\"https:\/\/jaeggi-landtechnik.ch\/wp-content\/uploads\/2022\/09\/mstile-310x310-1.png\",\"width\":310,\"height\":310,\"caption\":\"J\u00e4ggi Landtechnik AG\"},\"image\":{\"@id\":\"https:\/\/jaeggi-landtechnik.ch\/#\/schema\/logo\/image\/\"}}]}<\/script>\n<!-- \/ Yoast SEO plugin. -->","yoast_head_json":{"title":"Traktoren von CASE IH | Bei J\u00e4ggi Landtechnik AG","description":"Als langj\u00e4hriger Fachh\u00e4ndler f\u00fcr CASE IH Traktoren k\u00f6nnen wir Ihnen beim Kauf beste Qualit\u00e4t und g\u00fcnstige Konditionen garantieren!","robots":{"index":"index","follow":"follow","max-snippet":"max-snippet:-1","max-image-preview":"max-image-preview:large","max-video-preview":"max-video-preview:-1"},"canonical":"https:\/\/jaeggi-landtechnik.ch\/?page_id=247953","og_locale":"de_DE","og_type":"article","og_title":"Traktoren von CASE IH | Bei J\u00e4ggi Landtechnik AG","og_description":"Als langj\u00e4hriger Fachh\u00e4ndler f\u00fcr CASE IH Traktoren k\u00f6nnen wir Ihnen beim Kauf beste Qualit\u00e4t und g\u00fcnstige Konditionen garantieren!","og_url":"https:\/\/jaeggi-landtechnik.ch\/?page_id=247953","og_site_name":"J\u00e4ggi Landtechnik AG","article_modified_time":"2023-10-12T15:09:14+00:00","twitter_card":"summary_large_image","twitter_misc":{"Gesch\u00e4tzte Lesezeit":"10\u00a0Minuten"},"schema":{"@context":"https:\/\/schema.org","@graph":[{"@type":"WebPage","@id":"https:\/\/jaeggi-landtechnik.ch\/?page_id=247953","url":"https:\/\/jaeggi-landtechnik.ch\/?page_id=247953","name":"Traktoren von CASE IH | Bei J\u00e4ggi Landtechnik AG","isPartOf":{"@id":"https:\/\/jaeggi-landtechnik.ch\/#website"},"datePublished":"2022-09-01T17:18:08+00:00","dateModified":"2023-10-12T15:09:14+00:00","description":"Als langj\u00e4hriger Fachh\u00e4ndler f\u00fcr CASE IH Traktoren k\u00f6nnen wir Ihnen beim Kauf beste Qualit\u00e4t und g\u00fcnstige Konditionen garantieren!","breadcrumb":{"@id":"https:\/\/jaeggi-landtechnik.ch\/?page_id=247953#breadcrumb"},"inLanguage":"de","potentialAction":[{"@type":"ReadAction","target":["https:\/\/jaeggi-landtechnik.ch\/?page_id=247953"]}]},{"@type":"BreadcrumbList","@id":"https:\/\/jaeggi-landtechnik.ch\/?page_id=247953#breadcrumb","itemListElement":[{"@type":"ListItem","position":1,"name":"Startseite","item":"https:\/\/jaeggi-landtechnik.ch\/"},{"@type":"ListItem","position":2,"name":"Produkt Traktoren CASE IH"}]},{"@type":"WebSite","@id":"https:\/\/jaeggi-landtechnik.ch\/#website","url":"https:\/\/jaeggi-landtechnik.ch\/","name":"J\u00e4ggi Landtechnik AG","description":"Ihr Partner f\u00fcr Ihre Fahrzeuge, Maschinen und Ger\u00e4te","publisher":{"@id":"https:\/\/jaeggi-landtechnik.ch\/#organization"},"potentialAction":[{"@type":"SearchAction","target":{"@type":"EntryPoint","urlTemplate":"https:\/\/jaeggi-landtechnik.ch\/?s={search_term_string}"},"query-input":{"@type":"PropertyValueSpecification","valueRequired":true,"valueName":"search_term_string"}}],"inLanguage":"de"},{"@type":"Organization","@id":"https:\/\/jaeggi-landtechnik.ch\/#organization","name":"J\u00e4ggi Landtechnik AG","url":"https:\/\/jaeggi-landtechnik.ch\/","logo":{"@type":"ImageObject","inLanguage":"de","@id":"https:\/\/jaeggi-landtechnik.ch\/#\/schema\/logo\/image\/","url":"https:\/\/jaeggi-landtechnik.ch\/wp-content\/uploads\/2022\/09\/mstile-310x310-1.png","contentUrl":"https:\/\/jaeggi-landtechnik.ch\/wp-content\/uploads\/2022\/09\/mstile-310x310-1.png","width":310,"height":310,"caption":"J\u00e4ggi Landtechnik AG"},"image":{"@id":"https:\/\/jaeggi-landtechnik.ch\/#\/schema\/logo\/image\/"}}]}},"_links":{"self":[{"href":"https:\/\/jaeggi-landtechnik.ch\/index.php?rest_route=\/wp\/v2\/pages\/247953","targetHints":{"allow":["GET"]}}],"collection":[{"href":"https:\/\/jaeggi-landtechnik.ch\/index.php?rest_route=\/wp\/v2\/pages"}],"about":[{"href":"https:\/\/jaeggi-landtechnik.ch\/index.php?rest_route=\/wp\/v2\/types\/page"}],"author":[{"embeddable":true,"href":"https:\/\/jaeggi-landtechnik.ch\/index.php?rest_route=\/wp\/v2\/users\/1"}],"replies":[{"embeddable":true,"href":"https:\/\/jaeggi-landtechnik.ch\/index.php?rest_route=%2Fwp%2Fv2%2Fcomments&post=247953"}],"version-history":[{"count":0,"href":"https:\/\/jaeggi-landtechnik.ch\/index.php?rest_route=\/wp\/v2\/pages\/247953\/revisions"}],"wp:attachment":[{"href":"https:\/\/jaeggi-landtechnik.ch\/index.php?rest_route=%2Fwp%2Fv2%2Fmedia&parent=247953"}],"curies":[{"name":"wp","href":"https:\/\/api.w.org\/{rel}","templated":true}]}}